{"id":7598,"date":"2023-02-21T09:39:05","date_gmt":"2023-02-21T09:39:05","guid":{"rendered":"https:\/\/www.humanitastorrejon.com\/complementary-services\/psycho-pedagogical-orientation\/academic-and-professional-orientation-plan\/"},"modified":"2024-01-15T14:12:15","modified_gmt":"2024-01-15T14:12:15","slug":"academic-and-professional-orientation-plan","status":"publish","type":"page","link":"https:\/\/www.humanitastorrejon.com\/en\/complementary-services\/psycho-pedagogical-orientation\/academic-and-professional-orientation-plan\/","title":{"rendered":"Academic and Professional Orientation Plan"},"content":{"rendered":"\t\t<div data-elementor-type=\"wp-page\" data-elementor-id=\"7598\" class=\"elementor elementor-7598 elementor-3534\">\n\t\t\t\t\t\t<section data-particle_enable=\"false\" data-particle-mobile-disabled=\"false\" class=\"elementor-section elementor-top-section elementor-element elementor-element-18fb73d0 elementor-section-content-middle proyectos elementor-section-boxed elementor-section-height-default elementor-section-height-default\" data-id=\"18fb73d0\" data-element_type=\"section\" data-e-type=\"section\" id=\"proyectos\" data-settings=\"{&quot;background_background&quot;:&quot;classic&quot;}\">\n\t\t\t\t\t\t<div class=\"elementor-container elementor-column-gap-no\">\n\t\t\t\t\t<div class=\"elementor-column elementor-col-100 elementor-top-column elementor-element elementor-element-1eea53e4\" data-id=\"1eea53e4\" data-element_type=\"column\" data-e-type=\"column\">\n\t\t\t<div class=\"elementor-widget-wrap elementor-element-populated\">\n\t\t\t\t\t\t<div class=\"elementor-element elementor-element-57e07e3c animated-slow elementor-invisible elementor-widget elementor-widget-heading\" data-id=\"57e07e3c\" data-element_type=\"widget\" data-e-type=\"widget\" data-settings=\"{&quot;_animation&quot;:&quot;fadeInUp&quot;,&quot;_animation_delay&quot;:100}\" data-widget_type=\"heading.default\">\n\t\t\t\t<div class=\"elementor-widget-container\">\n\t\t\t\t\t<h2 class=\"elementor-heading-title elementor-size-default\">Psycho-pedagogical orientation<\/h2>\t\t\t\t<\/div>\n\t\t\t\t<\/div>\n\t\t\t\t<div class=\"elementor-element elementor-element-61dcde5f animated-slow elementor-invisible elementor-widget elementor-widget-heading\" data-id=\"61dcde5f\" data-element_type=\"widget\" data-e-type=\"widget\" data-settings=\"{&quot;_animation&quot;:&quot;fadeInUp&quot;,&quot;_animation_delay&quot;:100}\" data-widget_type=\"heading.default\">\n\t\t\t\t<div class=\"elementor-widget-container\">\n\t\t\t\t\t<h1 class=\"elementor-heading-title elementor-size-default\">Academic and Professional Orientation Plan<\/h1>\t\t\t\t<\/div>\n\t\t\t\t<\/div>\n\t\t\t\t\t<\/div>\n\t\t<\/div>\n\t\t\t\t\t<\/div>\n\t\t<\/section>\n\t\t\t\t<section data-particle_enable=\"false\" data-particle-mobile-disabled=\"false\" class=\"elementor-section elementor-top-section elementor-element elementor-element-61fbf514 elementor-section-boxed elementor-section-height-default elementor-section-height-default\" data-id=\"61fbf514\" data-element_type=\"section\" data-e-type=\"section\" data-settings=\"{&quot;background_background&quot;:&quot;classic&quot;}\">\n\t\t\t\t\t\t<div class=\"elementor-container elementor-column-gap-no\">\n\t\t\t\t\t<div class=\"elementor-column elementor-col-50 elementor-top-column elementor-element elementor-element-713a4fa\" data-id=\"713a4fa\" data-element_type=\"column\" data-e-type=\"column\">\n\t\t\t<div class=\"elementor-widget-wrap elementor-element-populated\">\n\t\t\t\t\t\t<div class=\"elementor-element elementor-element-8a88564 elementor-widget elementor-widget-spacer\" data-id=\"8a88564\" data-element_type=\"widget\" data-e-type=\"widget\" data-widget_type=\"spacer.default\">\n\t\t\t\t<div class=\"elementor-widget-container\">\n\t\t\t\t\t\t\t<div class=\"elementor-spacer\">\n\t\t\t<div class=\"elementor-spacer-inner\"><\/div>\n\t\t<\/div>\n\t\t\t\t\t\t<\/div>\n\t\t\t\t<\/div>\n\t\t\t\t<div class=\"elementor-element elementor-element-324cc99 elementor-widget elementor-widget-text-editor\" data-id=\"324cc99\" data-element_type=\"widget\" data-e-type=\"widget\" data-widget_type=\"text-editor.default\">\n\t\t\t\t<div class=\"elementor-widget-container\">\n\t\t\t\t\t\t\t\t\t<p style=\"text-align: justify;\">Academic and professional orientation is one of the school&#8217;s main areas of interest. It focuses on preparing for work life from the education system, making students aware that a career is important for their personal development and that they learn to make realistic and planned decisions based on four fundamental aspects:<\/p>\n<ul>\n \t<li style=\"text-align: justify;\">An awareness of themselves, their own interests and abilities.<\/li>\n \t<li style=\"text-align: justify;\">An understanding of the different educational and employment options.<\/li>\n \t<li style=\"text-align: justify;\">An understanding of labour market demands and its relation to the different careers.<\/li>\n \t<li style=\"text-align: justify;\">Adequate mastery of decision-making competencies, strategies and skills.<\/li>\n<\/ul>\n<p style=\"text-align: justify;\">We work with students one hour a week, from 1st Secondary to 2nd Baccalaureate; students in 3rd Secondary are assessed by means of attitude and professional interest tests, with a written report being sent; information is provided on the different options and career paths from 2nd Secondary onwards; informative talks are given by parents of students, professionals in different fields, about their work experience; former students give advice to those who have to decide; and, in addition, the University Fair is held annually at the school, where our students and their families can analyse and debate the different alternatives proposed.<\/p>\t\t\t\t\t\t\t\t<\/div>\n\t\t\t\t<\/div>\n\t\t\t\t<div class=\"elementor-element elementor-element-fa4b4a8 elementor-widget elementor-widget-spacer\" data-id=\"fa4b4a8\" data-element_type=\"widget\" data-e-type=\"widget\" data-widget_type=\"spacer.default\">\n\t\t\t\t<div class=\"elementor-widget-container\">\n\t\t\t\t\t\t\t<div class=\"elementor-spacer\">\n\t\t\t<div class=\"elementor-spacer-inner\"><\/div>\n\t\t<\/div>\n\t\t\t\t\t\t<\/div>\n\t\t\t\t<\/div>\n\t\t\t\t\t<\/div>\n\t\t<\/div>\n\t\t\t\t<div class=\"elementor-column elementor-col-50 elementor-top-column elementor-element elementor-element-217af5bb\" data-id=\"217af5bb\" data-element_type=\"column\" data-e-type=\"column\">\n\t\t\t<div class=\"elementor-widget-wrap elementor-element-populated\">\n\t\t\t\t\t\t<div class=\"elementor-element elementor-element-3c050fa elementor-widget elementor-widget-spacer\" data-id=\"3c050fa\" data-element_type=\"widget\" data-e-type=\"widget\" data-widget_type=\"spacer.default\">\n\t\t\t\t<div class=\"elementor-widget-container\">\n\t\t\t\t\t\t\t<div class=\"elementor-spacer\">\n\t\t\t<div class=\"elementor-spacer-inner\"><\/div>\n\t\t<\/div>\n\t\t\t\t\t\t<\/div>\n\t\t\t\t<\/div>\n\t\t\t\t<div class=\"elementor-element elementor-element-d75e7e7 elementor-widget elementor-widget-image\" data-id=\"d75e7e7\" data-element_type=\"widget\" data-e-type=\"widget\" data-widget_type=\"image.default\">\n\t\t\t\t<div class=\"elementor-widget-container\">\n\t\t\t\t\t\t\t\t\t\t\t\t\t\t\t<img fetchpriority=\"high\" decoding=\"async\" width=\"830\" height=\"770\" src=\"https:\/\/www.humanitastorrejon.com\/wp-content\/uploads\/2022\/10\/HBSTJ_Orientacion-Academica-Interior-1.webp\" class=\"attachment-large size-large wp-image-6334\" alt=\"Plan de Orientaci\u00f3n Acad\u00e9mica-Profesional\" srcset=\"https:\/\/www.humanitastorrejon.com\/wp-content\/uploads\/2022\/10\/HBSTJ_Orientacion-Academica-Interior-1.webp 830w, https:\/\/www.humanitastorrejon.com\/wp-content\/uploads\/2022\/10\/HBSTJ_Orientacion-Academica-Interior-1-300x278.webp 300w, https:\/\/www.humanitastorrejon.com\/wp-content\/uploads\/2022\/10\/HBSTJ_Orientacion-Academica-Interior-1-768x712.webp 768w\" sizes=\"(max-width: 830px) 100vw, 830px\" \/>\t\t\t\t\t\t\t\t\t\t\t\t\t\t\t<\/div>\n\t\t\t\t<\/div>\n\t\t\t\t<div class=\"elementor-element elementor-element-eef32d8 elementor-widget elementor-widget-spacer\" data-id=\"eef32d8\" data-element_type=\"widget\" data-e-type=\"widget\" data-widget_type=\"spacer.default\">\n\t\t\t\t<div class=\"elementor-widget-container\">\n\t\t\t\t\t\t\t<div class=\"elementor-spacer\">\n\t\t\t<div class=\"elementor-spacer-inner\"><\/div>\n\t\t<\/div>\n\t\t\t\t\t\t<\/div>\n\t\t\t\t<\/div>\n\t\t\t\t\t<\/div>\n\t\t<\/div>\n\t\t\t\t\t<\/div>\n\t\t<\/section>\n\t\t\t\t<section data-particle_enable=\"false\" data-particle-mobile-disabled=\"false\" class=\"elementor-section elementor-top-section elementor-element elementor-element-c92439f elementor-section-content-middle elementor-section-height-min-height elementor-section-boxed elementor-section-height-default elementor-section-items-middle\" data-id=\"c92439f\" data-element_type=\"section\" data-e-type=\"section\" data-settings=\"{&quot;background_background&quot;:&quot;slideshow&quot;,&quot;background_slideshow_gallery&quot;:[{&quot;id&quot;:5212,&quot;url&quot;:&quot;https:\\\/\\\/www.humanitastorrejon.com\\\/wp-content\\\/uploads\\\/2022\\\/06\\\/HumanitasTorrejon-56_VenConocernos1_v2-scaled.jpg&quot;}],&quot;background_slideshow_loop&quot;:&quot;yes&quot;,&quot;background_slideshow_slide_duration&quot;:5000,&quot;background_slideshow_slide_transition&quot;:&quot;fade&quot;,&quot;background_slideshow_transition_duration&quot;:500}\">\n\t\t\t\t\t\t\t<div class=\"elementor-background-overlay\"><\/div>\n\t\t\t\t\t\t\t<div class=\"elementor-container elementor-column-gap-default\">\n\t\t\t\t\t<div class=\"elementor-column elementor-col-100 elementor-top-column elementor-element elementor-element-45b3600b\" data-id=\"45b3600b\" data-element_type=\"column\" data-e-type=\"column\">\n\t\t\t<div class=\"elementor-widget-wrap elementor-element-populated\">\n\t\t\t\t\t\t<div class=\"elementor-element elementor-element-61dec06e elementor-widget elementor-widget-heading\" data-id=\"61dec06e\" data-element_type=\"widget\" data-e-type=\"widget\" data-widget_type=\"heading.default\">\n\t\t\t\t<div class=\"elementor-widget-container\">\n\t\t\t\t\t<h4 class=\"elementor-heading-title elementor-size-default\">Come and meet us<\/h4>\t\t\t\t<\/div>\n\t\t\t\t<\/div>\n\t\t\t\t<div class=\"elementor-element elementor-element-63769f66 elementor-widget elementor-widget-text-editor\" data-id=\"63769f66\" data-element_type=\"widget\" data-e-type=\"widget\" data-widget_type=\"text-editor.default\">\n\t\t\t\t<div class=\"elementor-widget-container\">\n\t\t\t\t\t\t\t\t\t<p><span style=\"font-family: 'Open Sans',sans-serif; letter-spacing: .75pt;\">Discover our educational project from the hand of our teaching staff.<\/span><\/p>\n\t\t\t\t\t\t\t\t<\/div>\n\t\t\t\t<\/div>\n\t\t\t\t<div class=\"elementor-element elementor-element-5f5c9677 elementor-align-center elementor-widget elementor-widget-button\" data-id=\"5f5c9677\" data-element_type=\"widget\" data-e-type=\"widget\" data-settings=\"{&quot;_animation&quot;:&quot;none&quot;}\" data-widget_type=\"button.default\">\n\t\t\t\t<div class=\"elementor-widget-container\">\n\t\t\t\t\t\t\t\t\t<div class=\"elementor-button-wrapper\">\n\t\t\t\t\t<a class=\"elementor-button elementor-button-link elementor-size-md elementor-animation-grow\" href=\"https:\/\/www.humanitastorrejon.com\/en\/about-us\/\">\n\t\t\t\t\t\t<span class=\"elementor-button-content-wrapper\">\n\t\t\t\t\t\t<span class=\"elementor-button-icon\">\n\t\t\t\t<i aria-hidden=\"true\" class=\"fas fa-angle-right\"><\/i>\t\t\t<\/span>\n\t\t\t\t\t\t\t\t\t<span class=\"elementor-button-text\">Arrange Interview<\/span>\n\t\t\t\t\t<\/span>\n\t\t\t\t\t<\/a>\n\t\t\t\t<\/div>\n\t\t\t\t\t\t\t\t<\/div>\n\t\t\t\t<\/div>\n\t\t\t\t\t<\/div>\n\t\t<\/div>\n\t\t\t\t\t<\/div>\n\t\t<\/section>\n\t\t\t\t<\/div>\n\t\t","protected":false},"excerpt":{"rendered":"<p>Psycho-pedagogical orientation Academic and Professional Orientation Plan Academic and professional orientation is one of the school&#8217;s main areas of interest. It focuses on preparing for work life from the education system, making students aware that a career is important for their personal development and that they learn to make realistic and planned decisions based on&hellip;<\/p>\n","protected":false},"author":2,"featured_media":0,"parent":7590,"menu_order":0,"comment_status":"closed","ping_status":"closed","template":"elementor_header_footer","meta":{"_eb_attr":"","footnotes":""},"class_list":["post-7598","page","type-page","status-publish","hentry"],"yoast_head":"<!-- This site is optimized with the Yoast SEO plugin v27.4 - https:\/\/yoast.com\/product\/yoast-seo-wordpress\/ -->\n<title>Academic and Professional Orientation Plan -<\/title>\n<meta name=\"description\" content=\"The Academic-Professional Guidance Plan is one of the areas of priority interest at Humanitas Bilingual School Torrej\u00f3n.\" \/>\n<meta name=\"robots\" content=\"index, follow, max-snippet:-1, max-image-preview:large, max-video-preview:-1\" \/>\n<link rel=\"canonical\" href=\"https:\/\/www.humanitastorrejon.com\/en\/complementary-services\/psycho-pedagogical-orientation\/academic-and-professional-orientation-plan\/\" \/>\n<meta property=\"og:locale\" content=\"en_US\" \/>\n<meta property=\"og:type\" content=\"article\" \/>\n<meta property=\"og:title\" content=\"Academic and Professional Orientation Plan -\" \/>\n<meta property=\"og:description\" content=\"The Academic-Professional Guidance Plan is one of the areas of priority interest at Humanitas Bilingual School Torrej\u00f3n.\" \/>\n<meta property=\"og:url\" content=\"https:\/\/www.humanitastorrejon.com\/en\/complementary-services\/psycho-pedagogical-orientation\/academic-and-professional-orientation-plan\/\" \/>\n<meta property=\"og:site_name\" content=\"Humanitas Bilingual School Torrej\u00f3n\" \/>\n<meta property=\"article:modified_time\" content=\"2024-01-15T14:12:15+00:00\" \/>\n<meta property=\"og:image\" content=\"https:\/\/www.humanitastorrejon.com\/wp-content\/uploads\/2022\/10\/HBSTJ_Orientacion-Academica-Interior-1.webp\" \/>\n<meta name=\"twitter:card\" content=\"summary_large_image\" \/>\n<meta name=\"twitter:label1\" content=\"Est. reading time\" \/>\n\t<meta name=\"twitter:data1\" content=\"1 minute\" \/>\n<script type=\"application\/ld+json\" class=\"yoast-schema-graph\">{\"@context\":\"https:\\\/\\\/schema.org\",\"@graph\":[{\"@type\":\"WebPage\",\"@id\":\"https:\\\/\\\/www.humanitastorrejon.com\\\/en\\\/complementary-services\\\/psycho-pedagogical-orientation\\\/academic-and-professional-orientation-plan\\\/\",\"url\":\"https:\\\/\\\/www.humanitastorrejon.com\\\/en\\\/complementary-services\\\/psycho-pedagogical-orientation\\\/academic-and-professional-orientation-plan\\\/\",\"name\":\"Academic and Professional Orientation Plan -\",\"isPartOf\":{\"@id\":\"https:\\\/\\\/www.humanitastorrejon.com\\\/#website\"},\"primaryImageOfPage\":{\"@id\":\"https:\\\/\\\/www.humanitastorrejon.com\\\/en\\\/complementary-services\\\/psycho-pedagogical-orientation\\\/academic-and-professional-orientation-plan\\\/#primaryimage\"},\"image\":{\"@id\":\"https:\\\/\\\/www.humanitastorrejon.com\\\/en\\\/complementary-services\\\/psycho-pedagogical-orientation\\\/academic-and-professional-orientation-plan\\\/#primaryimage\"},\"thumbnailUrl\":\"https:\\\/\\\/www.humanitastorrejon.com\\\/wp-content\\\/uploads\\\/2022\\\/10\\\/HBSTJ_Orientacion-Academica-Interior-1.webp\",\"datePublished\":\"2023-02-21T09:39:05+00:00\",\"dateModified\":\"2024-01-15T14:12:15+00:00\",\"description\":\"The Academic-Professional Guidance Plan is one of the areas of priority interest at Humanitas Bilingual School Torrej\u00f3n.\",\"breadcrumb\":{\"@id\":\"https:\\\/\\\/www.humanitastorrejon.com\\\/en\\\/complementary-services\\\/psycho-pedagogical-orientation\\\/academic-and-professional-orientation-plan\\\/#breadcrumb\"},\"inLanguage\":\"en-US\",\"potentialAction\":[{\"@type\":\"ReadAction\",\"target\":[\"https:\\\/\\\/www.humanitastorrejon.com\\\/en\\\/complementary-services\\\/psycho-pedagogical-orientation\\\/academic-and-professional-orientation-plan\\\/\"]}]},{\"@type\":\"ImageObject\",\"inLanguage\":\"en-US\",\"@id\":\"https:\\\/\\\/www.humanitastorrejon.com\\\/en\\\/complementary-services\\\/psycho-pedagogical-orientation\\\/academic-and-professional-orientation-plan\\\/#primaryimage\",\"url\":\"https:\\\/\\\/www.humanitastorrejon.com\\\/wp-content\\\/uploads\\\/2022\\\/10\\\/HBSTJ_Orientacion-Academica-Interior-1.webp\",\"contentUrl\":\"https:\\\/\\\/www.humanitastorrejon.com\\\/wp-content\\\/uploads\\\/2022\\\/10\\\/HBSTJ_Orientacion-Academica-Interior-1.webp\"},{\"@type\":\"BreadcrumbList\",\"@id\":\"https:\\\/\\\/www.humanitastorrejon.com\\\/en\\\/complementary-services\\\/psycho-pedagogical-orientation\\\/academic-and-professional-orientation-plan\\\/#breadcrumb\",\"itemListElement\":[{\"@type\":\"ListItem\",\"position\":1,\"name\":\"Complementary Services\",\"item\":\"https:\\\/\\\/www.humanitastorrejon.com\\\/en\\\/complementary-services\\\/\"},{\"@type\":\"ListItem\",\"position\":2,\"name\":\"Psycho-pedagogical orientation\",\"item\":\"https:\\\/\\\/www.humanitastorrejon.com\\\/en\\\/complementary-services\\\/psycho-pedagogical-orientation\\\/\"},{\"@type\":\"ListItem\",\"position\":3,\"name\":\"Academic and Professional Orientation Plan\"}]},{\"@type\":\"WebSite\",\"@id\":\"https:\\\/\\\/www.humanitastorrejon.com\\\/#website\",\"url\":\"https:\\\/\\\/www.humanitastorrejon.com\\\/\",\"name\":\"Humanitas Bilingual School Torrej\u00f3n\",\"description\":\"Colegio concertado biling\u00fce en Torrej\u00f3n de Ardoz de 2 a 18 a\u00f1os\",\"potentialAction\":[{\"@type\":\"SearchAction\",\"target\":{\"@type\":\"EntryPoint\",\"urlTemplate\":\"https:\\\/\\\/www.humanitastorrejon.com\\\/?s={search_term_string}\"},\"query-input\":{\"@type\":\"PropertyValueSpecification\",\"valueRequired\":true,\"valueName\":\"search_term_string\"}}],\"inLanguage\":\"en-US\"}]}<\/script>\n<!-- \/ Yoast SEO plugin. -->","yoast_head_json":{"title":"Academic and Professional Orientation Plan -","description":"The Academic-Professional Guidance Plan is one of the areas of priority interest at Humanitas Bilingual School Torrej\u00f3n.","robots":{"index":"index","follow":"follow","max-snippet":"max-snippet:-1","max-image-preview":"max-image-preview:large","max-video-preview":"max-video-preview:-1"},"canonical":"https:\/\/www.humanitastorrejon.com\/en\/complementary-services\/psycho-pedagogical-orientation\/academic-and-professional-orientation-plan\/","og_locale":"en_US","og_type":"article","og_title":"Academic and Professional Orientation Plan -","og_description":"The Academic-Professional Guidance Plan is one of the areas of priority interest at Humanitas Bilingual School Torrej\u00f3n.","og_url":"https:\/\/www.humanitastorrejon.com\/en\/complementary-services\/psycho-pedagogical-orientation\/academic-and-professional-orientation-plan\/","og_site_name":"Humanitas Bilingual School Torrej\u00f3n","article_modified_time":"2024-01-15T14:12:15+00:00","og_image":[{"url":"https:\/\/www.humanitastorrejon.com\/wp-content\/uploads\/2022\/10\/HBSTJ_Orientacion-Academica-Interior-1.webp","type":"","width":"","height":""}],"twitter_card":"summary_large_image","twitter_misc":{"Est. reading time":"1 minute"},"schema":{"@context":"https:\/\/schema.org","@graph":[{"@type":"WebPage","@id":"https:\/\/www.humanitastorrejon.com\/en\/complementary-services\/psycho-pedagogical-orientation\/academic-and-professional-orientation-plan\/","url":"https:\/\/www.humanitastorrejon.com\/en\/complementary-services\/psycho-pedagogical-orientation\/academic-and-professional-orientation-plan\/","name":"Academic and Professional Orientation Plan -","isPartOf":{"@id":"https:\/\/www.humanitastorrejon.com\/#website"},"primaryImageOfPage":{"@id":"https:\/\/www.humanitastorrejon.com\/en\/complementary-services\/psycho-pedagogical-orientation\/academic-and-professional-orientation-plan\/#primaryimage"},"image":{"@id":"https:\/\/www.humanitastorrejon.com\/en\/complementary-services\/psycho-pedagogical-orientation\/academic-and-professional-orientation-plan\/#primaryimage"},"thumbnailUrl":"https:\/\/www.humanitastorrejon.com\/wp-content\/uploads\/2022\/10\/HBSTJ_Orientacion-Academica-Interior-1.webp","datePublished":"2023-02-21T09:39:05+00:00","dateModified":"2024-01-15T14:12:15+00:00","description":"The Academic-Professional Guidance Plan is one of the areas of priority interest at Humanitas Bilingual School Torrej\u00f3n.","breadcrumb":{"@id":"https:\/\/www.humanitastorrejon.com\/en\/complementary-services\/psycho-pedagogical-orientation\/academic-and-professional-orientation-plan\/#breadcrumb"},"inLanguage":"en-US","potentialAction":[{"@type":"ReadAction","target":["https:\/\/www.humanitastorrejon.com\/en\/complementary-services\/psycho-pedagogical-orientation\/academic-and-professional-orientation-plan\/"]}]},{"@type":"ImageObject","inLanguage":"en-US","@id":"https:\/\/www.humanitastorrejon.com\/en\/complementary-services\/psycho-pedagogical-orientation\/academic-and-professional-orientation-plan\/#primaryimage","url":"https:\/\/www.humanitastorrejon.com\/wp-content\/uploads\/2022\/10\/HBSTJ_Orientacion-Academica-Interior-1.webp","contentUrl":"https:\/\/www.humanitastorrejon.com\/wp-content\/uploads\/2022\/10\/HBSTJ_Orientacion-Academica-Interior-1.webp"},{"@type":"BreadcrumbList","@id":"https:\/\/www.humanitastorrejon.com\/en\/complementary-services\/psycho-pedagogical-orientation\/academic-and-professional-orientation-plan\/#breadcrumb","itemListElement":[{"@type":"ListItem","position":1,"name":"Complementary Services","item":"https:\/\/www.humanitastorrejon.com\/en\/complementary-services\/"},{"@type":"ListItem","position":2,"name":"Psycho-pedagogical orientation","item":"https:\/\/www.humanitastorrejon.com\/en\/complementary-services\/psycho-pedagogical-orientation\/"},{"@type":"ListItem","position":3,"name":"Academic and Professional Orientation Plan"}]},{"@type":"WebSite","@id":"https:\/\/www.humanitastorrejon.com\/#website","url":"https:\/\/www.humanitastorrejon.com\/","name":"Humanitas Bilingual School Torrej\u00f3n","description":"Colegio concertado biling\u00fce en Torrej\u00f3n de Ardoz de 2 a 18 a\u00f1os","potentialAction":[{"@type":"SearchAction","target":{"@type":"EntryPoint","urlTemplate":"https:\/\/www.humanitastorrejon.com\/?s={search_term_string}"},"query-input":{"@type":"PropertyValueSpecification","valueRequired":true,"valueName":"search_term_string"}}],"inLanguage":"en-US"}]}},"_links":{"self":[{"href":"https:\/\/www.humanitastorrejon.com\/en\/wp-json\/wp\/v2\/pages\/7598","targetHints":{"allow":["GET"]}}],"collection":[{"href":"https:\/\/www.humanitastorrejon.com\/en\/wp-json\/wp\/v2\/pages"}],"about":[{"href":"https:\/\/www.humanitastorrejon.com\/en\/wp-json\/wp\/v2\/types\/page"}],"author":[{"embeddable":true,"href":"https:\/\/www.humanitastorrejon.com\/en\/wp-json\/wp\/v2\/users\/2"}],"replies":[{"embeddable":true,"href":"https:\/\/www.humanitastorrejon.com\/en\/wp-json\/wp\/v2\/comments?post=7598"}],"version-history":[{"count":2,"href":"https:\/\/www.humanitastorrejon.com\/en\/wp-json\/wp\/v2\/pages\/7598\/revisions"}],"predecessor-version":[{"id":9210,"href":"https:\/\/www.humanitastorrejon.com\/en\/wp-json\/wp\/v2\/pages\/7598\/revisions\/9210"}],"up":[{"embeddable":true,"href":"https:\/\/www.humanitastorrejon.com\/en\/wp-json\/wp\/v2\/pages\/7590"}],"wp:attachment":[{"href":"https:\/\/www.humanitastorrejon.com\/en\/wp-json\/wp\/v2\/media?parent=7598"}],"curies":[{"name":"wp","href":"https:\/\/api.w.org\/{rel}","templated":true}]}}